{"id":20651,"date":"2025-12-02T12:48:21","date_gmt":"2025-12-02T11:48:21","guid":{"rendered":"https:\/\/nyonmusique.ch\/site\/?page_id=20651"},"modified":"2025-12-10T14:33:06","modified_gmt":"2025-12-10T13:33:06","slug":"projet-creation-2026","status":"publish","type":"page","link":"https:\/\/nyonmusique.ch\/site\/projet-creation-2026\/","title":{"rendered":"Projet de cr\u00e9ation 2026"},"content":{"rendered":"\t\t<div data-elementor-type=\"wp-page\" data-elementor-id=\"20651\" class=\"elementor elementor-20651\">\n\t\t\t\t<div class=\"elementor-element elementor-element-0ee920c e-flex e-con-boxed parallax_section_no qode_elementor_container_no e-con e-parent\" data-id=\"0ee920c\" data-element_type=\"container\" data-e-type=\"container\">\n\t\t\t\t\t<div class=\"e-con-inner\">\n\t\t\t\t<div class=\"elementor-element elementor-element-f8981ff elementor-widget elementor-widget-image\" data-id=\"f8981ff\" data-element_type=\"widget\" data-e-type=\"widget\" data-widget_type=\"image.default\">\n\t\t\t\t<div class=\"elementor-widget-container\">\n\t\t\t\t\t\t\t\t\t\t\t\t\t\t\t<img fetchpriority=\"high\" decoding=\"async\" width=\"1060\" height=\"910\" src=\"https:\/\/nyonmusique.ch\/site\/wp-content\/uploads\/2025\/12\/affiche_logo_inscriptions_2026.png\" class=\"attachment-large size-large wp-image-20592\" alt=\"\" srcset=\"https:\/\/nyonmusique.ch\/site\/wp-content\/uploads\/2025\/12\/affiche_logo_inscriptions_2026.png 1080w, https:\/\/nyonmusique.ch\/site\/wp-content\/uploads\/2025\/12\/affiche_logo_inscriptions_2026-300x258.png 300w, https:\/\/nyonmusique.ch\/site\/wp-content\/uploads\/2025\/12\/affiche_logo_inscriptions_2026-768x659.png 768w, https:\/\/nyonmusique.ch\/site\/wp-content\/uploads\/2025\/12\/affiche_logo_inscriptions_2026-700x601.png 700w, https:\/\/nyonmusique.ch\/site\/wp-content\/uploads\/2025\/12\/affiche_logo_inscriptions_2026-600x515.png 600w\" sizes=\"(max-width: 1060px) 100vw, 1060px\" \/>\t\t\t\t\t\t\t\t\t\t\t\t\t\t\t<\/div>\n\t\t\t\t<\/div>\n\t\t\t\t<div class=\"elementor-element elementor-element-555c81f elementor-widget elementor-widget-spacer\" data-id=\"555c81f\" data-element_type=\"widget\" data-e-type=\"widget\" data-widget_type=\"spacer.default\">\n\t\t\t\t<div class=\"elementor-widget-container\">\n\t\t\t\t\t\t\t<div class=\"elementor-spacer\">\n\t\t\t<div class=\"elementor-spacer-inner\"><\/div>\n\t\t<\/div>\n\t\t\t\t\t\t<\/div>\n\t\t\t\t<\/div>\n\t\t\t\t<div class=\"elementor-element elementor-element-864edb8 elementor-widget elementor-widget-heading\" data-id=\"864edb8\" data-element_type=\"widget\" data-e-type=\"widget\" data-widget_type=\"heading.default\">\n\t\t\t\t<div class=\"elementor-widget-container\">\n\t\t\t\t\t<h2 class=\"elementor-heading-title elementor-size-default\">PROJETs DE CREATION 2026<\/h2>\t\t\t\t<\/div>\n\t\t\t\t<\/div>\n\t\t\t\t<div class=\"elementor-element elementor-element-c1902b7 elementor-widget elementor-widget-spacer\" data-id=\"c1902b7\" data-element_type=\"widget\" data-e-type=\"widget\" data-widget_type=\"spacer.default\">\n\t\t\t\t<div class=\"elementor-widget-container\">\n\t\t\t\t\t\t\t<div class=\"elementor-spacer\">\n\t\t\t<div class=\"elementor-spacer-inner\"><\/div>\n\t\t<\/div>\n\t\t\t\t\t\t<\/div>\n\t\t\t\t<\/div>\n\t\t\t\t<div class=\"elementor-element elementor-element-508f307 elementor-widget elementor-widget-text-editor\" data-id=\"508f307\" data-element_type=\"widget\" data-e-type=\"widget\" data-widget_type=\"text-editor.default\">\n\t\t\t\t<div class=\"elementor-widget-container\">\n\t\t\t\t\t\t\t\t\t<p><span style=\"font-weight: 400;\">La F\u00eate de la Musique de Nyon encourage les artistes de la r\u00e9gion en proposant chaque ann\u00e9e un projet de cr\u00e9ation exclusif et innovateur.<\/span><\/p>\n<p><span style=\"font-weight: 400;\">L\u02bcappel est ouvert \u00e0 tous les professionnel\u00b7les et les amateur\u00b7es de la sc\u00e8ne culturelle locale et des arts vivants. Nous recherchons des projets insolites et interdisciplinaires cr\u00e9\u00e9s sp\u00e9cialement pour la f\u00eate de la Musique de Nyon. <\/span><b>Une contrainte tout de m\u00eame, la musique doit \u00eatre au centre du projet<\/b><span style=\"font-weight: 400;\">. Tous les projets sont les bienvenus. La f\u00eate de la musique aimerait avant tout aider un projet local.&nbsp;<\/span><\/p>\n<p><\/p>\n<p><b>La F\u00eate de la Musique de Nyon vous offre:<\/b><\/p>\n<p><span style=\"font-weight: 400;\">&#8211; la possibilit\u00e9 de cr\u00e9er un projet unique en ville de Nyon<\/span><\/p>\n<p><span style=\"font-weight: 400;\">&#8211; un soutien financier allant de 2\u02bc000 \u00e0 5\u02bc000.-<\/span><\/p>\n<p><span style=\"font-weight: 400;\">&#8211; un suivi promotionnel<\/span><\/p>\n<p><span style=\"font-weight: 400;\">&#8211; un soutien administratif et logistique dans la concr\u00e9tisation de vos id\u00e9es<\/span><\/p>\n<p><\/p>\n<p><b>Pour que le dossier de candidature soit complet, il nous faut:<\/b><\/p>\n<p><span style=\"font-weight: 400;\">&#8211; une pr\u00e9sentation du projet (max. 2 pages A4)<\/span><\/p>\n<p><span style=\"font-weight: 400;\">&#8211; un budget d\u00e9taill\u00e9&nbsp;<\/span><\/p>\n<p><span style=\"font-weight: 400;\">&#8211; une biographie de chacun\u00b7e des artistes participant\u00b7es<\/span><\/p>\n<p><span style=\"font-weight: 400;\">&#8211; des sch\u00e9mas\/dessins de la sc\u00e9nographie de votre projet<\/span><\/p>\n<p><span style=\"font-weight: 400;\">&#8211;&nbsp; indication d\u2019une ambiance musicale de votre projet, extraits musicaux fortement encourag\u00e9s<\/span><\/p>\n<p><\/p>\n<p><span style=\"font-weight: 400;\">Les dossiers sont \u00e0 envoyer par courrier postal en deux exemplaires \u00e0 :<\/span><\/p>\n<p><b>F\u00eate de la Musique<\/b><b><br><\/b><b>Route de Saint-Cergue 312<\/b><b><i><br><\/i><\/b><b>1260 Nyon&nbsp;<\/b><\/p>\n<p><span style=\"font-weight: 400;\"><br>Ou par email comprenant la mention \u00abAppel \u00e0 cr\u00e9ation FDM 2026\u00bb \u00e0 :<\/span><\/p>\n<p><b>coordination@nyonmusique.ch<\/b><\/p>\n<p><span style=\"font-weight: 400;\"><br><strong>D\u00e9lai de candidature 20 f\u00e9vrier 2026.<\/strong><\/span><\/p>\n<p><span style=\"font-weight: 400;\">Les projets seront s\u00e9lectionn\u00e9s par un jury de sp\u00e9cialistes de la musique et des arts vivants.<\/span><\/p>\n<p><span style=\"font-weight: 400;\">Les r\u00e9sultats seront communiqu\u00e9s d\u00e9but mars 2026.<\/span><\/p>\t\t\t\t\t\t\t\t<\/div>\n\t\t\t\t<\/div>\n\t\t\t\t\t<\/div>\n\t\t\t\t<\/div>\n\t\t\t\t<\/div>\n\t\t","protected":false},"excerpt":{"rendered":"<p>PROJETs DE CREATION 2026 La F\u00eate de la Musique de Nyon encourage les artistes de la r\u00e9gion en proposant chaque ann\u00e9e un projet de cr\u00e9ation exclusif et innovateur. L\u02bcappel est ouvert \u00e0 tous les professionnel\u00b7les et les amateur\u00b7es de la sc\u00e8ne culturelle locale et des&#8230;<\/p>\n","protected":false},"author":1,"featured_media":0,"parent":0,"menu_order":0,"comment_status":"closed","ping_status":"closed","template":"","meta":{"footnotes":""},"class_list":["post-20651","page","type-page","status-publish","hentry"],"yoast_head":"<!-- This site is optimized with the Yoast SEO plugin v26.9 - https:\/\/yoast.com\/product\/yoast-seo-wordpress\/ -->\n<title>Projet de cr\u00e9ation 2026 - Site de l&#039;Association de la F\u00eate de la musique de Nyon<\/title>\n<meta name=\"robots\" content=\"index, follow, max-snippet:-1, max-image-preview:large, max-video-preview:-1\" \/>\n<link rel=\"canonical\" href=\"https:\/\/nyonmusique.ch\/site\/projet-creation-2026\/\" \/>\n<meta property=\"og:locale\" content=\"fr_FR\" \/>\n<meta property=\"og:type\" content=\"article\" \/>\n<meta property=\"og:title\" content=\"Projet de cr\u00e9ation 2026 - Site de l&#039;Association de la F\u00eate de la musique de Nyon\" \/>\n<meta property=\"og:description\" content=\"PROJETs DE CREATION 2026 La F\u00eate de la Musique de Nyon encourage les artistes de la r\u00e9gion en proposant chaque ann\u00e9e un projet de cr\u00e9ation exclusif et innovateur. L\u02bcappel est ouvert \u00e0 tous les professionnel\u00b7les et les amateur\u00b7es de la sc\u00e8ne culturelle locale et des...\" \/>\n<meta property=\"og:url\" content=\"https:\/\/nyonmusique.ch\/site\/projet-creation-2026\/\" \/>\n<meta property=\"og:site_name\" content=\"Site de l&#039;Association de la F\u00eate de la musique de Nyon\" \/>\n<meta property=\"article:publisher\" content=\"https:\/\/www.facebook.com\/FeteDeLaMusiqueNyon\" \/>\n<meta property=\"article:modified_time\" content=\"2025-12-10T13:33:06+00:00\" \/>\n<meta property=\"og:image\" content=\"https:\/\/nyonmusique.ch\/site\/wp-content\/uploads\/2025\/12\/affiche_logo_inscriptions_2026.png\" \/>\n\t<meta property=\"og:image:width\" content=\"1080\" \/>\n\t<meta property=\"og:image:height\" content=\"927\" \/>\n\t<meta property=\"og:image:type\" content=\"image\/png\" \/>\n<meta name=\"twitter:card\" content=\"summary_large_image\" \/>\n<meta name=\"twitter:label1\" content=\"Dur\u00e9e de lecture estim\u00e9e\" \/>\n\t<meta name=\"twitter:data1\" content=\"2 minutes\" \/>\n<script type=\"application\/ld+json\" class=\"yoast-schema-graph\">{\"@context\":\"https:\/\/schema.org\",\"@graph\":[{\"@type\":\"WebPage\",\"@id\":\"https:\/\/nyonmusique.ch\/site\/projet-creation-2026\/\",\"url\":\"https:\/\/nyonmusique.ch\/site\/projet-creation-2026\/\",\"name\":\"Projet de cr\u00e9ation 2026 - Site de l&#039;Association de la F\u00eate de la musique de Nyon\",\"isPartOf\":{\"@id\":\"https:\/\/nyonmusique.ch\/site\/#website\"},\"primaryImageOfPage\":{\"@id\":\"https:\/\/nyonmusique.ch\/site\/projet-creation-2026\/#primaryimage\"},\"image\":{\"@id\":\"https:\/\/nyonmusique.ch\/site\/projet-creation-2026\/#primaryimage\"},\"thumbnailUrl\":\"https:\/\/nyonmusique.ch\/site\/wp-content\/uploads\/2025\/12\/affiche_logo_inscriptions_2026.png\",\"datePublished\":\"2025-12-02T11:48:21+00:00\",\"dateModified\":\"2025-12-10T13:33:06+00:00\",\"breadcrumb\":{\"@id\":\"https:\/\/nyonmusique.ch\/site\/projet-creation-2026\/#breadcrumb\"},\"inLanguage\":\"fr-FR\",\"potentialAction\":[{\"@type\":\"ReadAction\",\"target\":[\"https:\/\/nyonmusique.ch\/site\/projet-creation-2026\/\"]}]},{\"@type\":\"ImageObject\",\"inLanguage\":\"fr-FR\",\"@id\":\"https:\/\/nyonmusique.ch\/site\/projet-creation-2026\/#primaryimage\",\"url\":\"https:\/\/nyonmusique.ch\/site\/wp-content\/uploads\/2025\/12\/affiche_logo_inscriptions_2026.png\",\"contentUrl\":\"https:\/\/nyonmusique.ch\/site\/wp-content\/uploads\/2025\/12\/affiche_logo_inscriptions_2026.png\",\"width\":1080,\"height\":927},{\"@type\":\"BreadcrumbList\",\"@id\":\"https:\/\/nyonmusique.ch\/site\/projet-creation-2026\/#breadcrumb\",\"itemListElement\":[{\"@type\":\"ListItem\",\"position\":1,\"name\":\"Accueil\",\"item\":\"https:\/\/nyonmusique.ch\/site\/\"},{\"@type\":\"ListItem\",\"position\":2,\"name\":\"Projet de cr\u00e9ation 2026\"}]},{\"@type\":\"WebSite\",\"@id\":\"https:\/\/nyonmusique.ch\/site\/#website\",\"url\":\"https:\/\/nyonmusique.ch\/site\/\",\"name\":\"Site de l'Association de la F\u00eate de la musique de Nyon\",\"description\":\"Samedi 22 juin 2024 dans toute la ville de Nyon\",\"publisher\":{\"@id\":\"https:\/\/nyonmusique.ch\/site\/#organization\"},\"potentialAction\":[{\"@type\":\"SearchAction\",\"target\":{\"@type\":\"EntryPoint\",\"urlTemplate\":\"https:\/\/nyonmusique.ch\/site\/?s={search_term_string}\"},\"query-input\":{\"@type\":\"PropertyValueSpecification\",\"valueRequired\":true,\"valueName\":\"search_term_string\"}}],\"inLanguage\":\"fr-FR\"},{\"@type\":\"Organization\",\"@id\":\"https:\/\/nyonmusique.ch\/site\/#organization\",\"name\":\"Site de l'Association de la F\u00eate de la musique de Nyon\",\"url\":\"https:\/\/nyonmusique.ch\/site\/\",\"logo\":{\"@type\":\"ImageObject\",\"inLanguage\":\"fr-FR\",\"@id\":\"https:\/\/nyonmusique.ch\/site\/#\/schema\/logo\/image\/\",\"url\":\"https:\/\/nyonmusique.ch\/site\/wp-content\/uploads\/2024\/05\/Logo_FDLM_NYON_Couleur_RVB_300.png\",\"contentUrl\":\"https:\/\/nyonmusique.ch\/site\/wp-content\/uploads\/2024\/05\/Logo_FDLM_NYON_Couleur_RVB_300.png\",\"width\":300,\"height\":346,\"caption\":\"Site de l'Association de la F\u00eate de la musique de Nyon\"},\"image\":{\"@id\":\"https:\/\/nyonmusique.ch\/site\/#\/schema\/logo\/image\/\"},\"sameAs\":[\"https:\/\/www.facebook.com\/FeteDeLaMusiqueNyon\",\"https:\/\/www.instagram.com\/fetedelamusiquedenyon\/\"]}]}<\/script>\n<!-- \/ Yoast SEO plugin. -->","yoast_head_json":{"title":"Projet de cr\u00e9ation 2026 - Site de l&#039;Association de la F\u00eate de la musique de Nyon","robots":{"index":"index","follow":"follow","max-snippet":"max-snippet:-1","max-image-preview":"max-image-preview:large","max-video-preview":"max-video-preview:-1"},"canonical":"https:\/\/nyonmusique.ch\/site\/projet-creation-2026\/","og_locale":"fr_FR","og_type":"article","og_title":"Projet de cr\u00e9ation 2026 - Site de l&#039;Association de la F\u00eate de la musique de Nyon","og_description":"PROJETs DE CREATION 2026 La F\u00eate de la Musique de Nyon encourage les artistes de la r\u00e9gion en proposant chaque ann\u00e9e un projet de cr\u00e9ation exclusif et innovateur. L\u02bcappel est ouvert \u00e0 tous les professionnel\u00b7les et les amateur\u00b7es de la sc\u00e8ne culturelle locale et des...","og_url":"https:\/\/nyonmusique.ch\/site\/projet-creation-2026\/","og_site_name":"Site de l&#039;Association de la F\u00eate de la musique de Nyon","article_publisher":"https:\/\/www.facebook.com\/FeteDeLaMusiqueNyon","article_modified_time":"2025-12-10T13:33:06+00:00","og_image":[{"width":1080,"height":927,"url":"https:\/\/nyonmusique.ch\/site\/wp-content\/uploads\/2025\/12\/affiche_logo_inscriptions_2026.png","type":"image\/png"}],"twitter_card":"summary_large_image","twitter_misc":{"Dur\u00e9e de lecture estim\u00e9e":"2 minutes"},"schema":{"@context":"https:\/\/schema.org","@graph":[{"@type":"WebPage","@id":"https:\/\/nyonmusique.ch\/site\/projet-creation-2026\/","url":"https:\/\/nyonmusique.ch\/site\/projet-creation-2026\/","name":"Projet de cr\u00e9ation 2026 - Site de l&#039;Association de la F\u00eate de la musique de Nyon","isPartOf":{"@id":"https:\/\/nyonmusique.ch\/site\/#website"},"primaryImageOfPage":{"@id":"https:\/\/nyonmusique.ch\/site\/projet-creation-2026\/#primaryimage"},"image":{"@id":"https:\/\/nyonmusique.ch\/site\/projet-creation-2026\/#primaryimage"},"thumbnailUrl":"https:\/\/nyonmusique.ch\/site\/wp-content\/uploads\/2025\/12\/affiche_logo_inscriptions_2026.png","datePublished":"2025-12-02T11:48:21+00:00","dateModified":"2025-12-10T13:33:06+00:00","breadcrumb":{"@id":"https:\/\/nyonmusique.ch\/site\/projet-creation-2026\/#breadcrumb"},"inLanguage":"fr-FR","potentialAction":[{"@type":"ReadAction","target":["https:\/\/nyonmusique.ch\/site\/projet-creation-2026\/"]}]},{"@type":"ImageObject","inLanguage":"fr-FR","@id":"https:\/\/nyonmusique.ch\/site\/projet-creation-2026\/#primaryimage","url":"https:\/\/nyonmusique.ch\/site\/wp-content\/uploads\/2025\/12\/affiche_logo_inscriptions_2026.png","contentUrl":"https:\/\/nyonmusique.ch\/site\/wp-content\/uploads\/2025\/12\/affiche_logo_inscriptions_2026.png","width":1080,"height":927},{"@type":"BreadcrumbList","@id":"https:\/\/nyonmusique.ch\/site\/projet-creation-2026\/#breadcrumb","itemListElement":[{"@type":"ListItem","position":1,"name":"Accueil","item":"https:\/\/nyonmusique.ch\/site\/"},{"@type":"ListItem","position":2,"name":"Projet de cr\u00e9ation 2026"}]},{"@type":"WebSite","@id":"https:\/\/nyonmusique.ch\/site\/#website","url":"https:\/\/nyonmusique.ch\/site\/","name":"Site de l'Association de la F\u00eate de la musique de Nyon","description":"Samedi 22 juin 2024 dans toute la ville de Nyon","publisher":{"@id":"https:\/\/nyonmusique.ch\/site\/#organization"},"potentialAction":[{"@type":"SearchAction","target":{"@type":"EntryPoint","urlTemplate":"https:\/\/nyonmusique.ch\/site\/?s={search_term_string}"},"query-input":{"@type":"PropertyValueSpecification","valueRequired":true,"valueName":"search_term_string"}}],"inLanguage":"fr-FR"},{"@type":"Organization","@id":"https:\/\/nyonmusique.ch\/site\/#organization","name":"Site de l'Association de la F\u00eate de la musique de Nyon","url":"https:\/\/nyonmusique.ch\/site\/","logo":{"@type":"ImageObject","inLanguage":"fr-FR","@id":"https:\/\/nyonmusique.ch\/site\/#\/schema\/logo\/image\/","url":"https:\/\/nyonmusique.ch\/site\/wp-content\/uploads\/2024\/05\/Logo_FDLM_NYON_Couleur_RVB_300.png","contentUrl":"https:\/\/nyonmusique.ch\/site\/wp-content\/uploads\/2024\/05\/Logo_FDLM_NYON_Couleur_RVB_300.png","width":300,"height":346,"caption":"Site de l'Association de la F\u00eate de la musique de Nyon"},"image":{"@id":"https:\/\/nyonmusique.ch\/site\/#\/schema\/logo\/image\/"},"sameAs":["https:\/\/www.facebook.com\/FeteDeLaMusiqueNyon","https:\/\/www.instagram.com\/fetedelamusiquedenyon\/"]}]}},"_links":{"self":[{"href":"https:\/\/nyonmusique.ch\/site\/wp-json\/wp\/v2\/pages\/20651","targetHints":{"allow":["GET"]}}],"collection":[{"href":"https:\/\/nyonmusique.ch\/site\/wp-json\/wp\/v2\/pages"}],"about":[{"href":"https:\/\/nyonmusique.ch\/site\/wp-json\/wp\/v2\/types\/page"}],"author":[{"embeddable":true,"href":"https:\/\/nyonmusique.ch\/site\/wp-json\/wp\/v2\/users\/1"}],"replies":[{"embeddable":true,"href":"https:\/\/nyonmusique.ch\/site\/wp-json\/wp\/v2\/comments?post=20651"}],"version-history":[{"count":23,"href":"https:\/\/nyonmusique.ch\/site\/wp-json\/wp\/v2\/pages\/20651\/revisions"}],"predecessor-version":[{"id":20762,"href":"https:\/\/nyonmusique.ch\/site\/wp-json\/wp\/v2\/pages\/20651\/revisions\/20762"}],"wp:attachment":[{"href":"https:\/\/nyonmusique.ch\/site\/wp-json\/wp\/v2\/media?parent=20651"}],"curies":[{"name":"wp","href":"https:\/\/api.w.org\/{rel}","templated":true}]}}